{"id":171,"date":"2023-10-05T09:02:02","date_gmt":"2023-10-05T09:02:02","guid":{"rendered":"http:\/\/time2shine.fr\/?page_id=171"},"modified":"2025-10-30T16:18:49","modified_gmt":"2025-10-30T16:18:49","slug":"qui-suis-je","status":"publish","type":"page","link":"https:\/\/time2shine.fr\/en\/qui-suis-je\/","title":{"rendered":"Qui suis-je ?"},"content":{"rendered":"<p>[et_pb_section fb_built=&#8221;1&#8243; _builder_version=&#8221;4.22.1&#8243; _module_preset=&#8221;410f74cb-702f-45ce-87f5-3b7d4d8b9156&#8243; global_colors_info=&#8221;{}&#8221;][et_pb_row column_structure=&#8221;3_5,2_5&#8243; _builder_version=&#8221;4.22.1&#8243; _module_preset=&#8221;default&#8221; global_colors_info=&#8221;{}&#8221;][et_pb_column type=&#8221;3_5&#8243; _builder_version=&#8221;4.22.1&#8243; _module_preset=&#8221;default&#8221; global_colors_info=&#8221;{}&#8221;][lwp_divi_breadcrumbs home_text=&#8221;Accueil&#8221; font_icon=&#8221;&#x35;||divi||400&#8243; _builder_version=&#8221;4.22.1&#8243; _module_preset=&#8221;default&#8221; global_colors_info=&#8221;{}&#8221;][\/lwp_divi_breadcrumbs][et_pb_text _builder_version=&#8221;4.22.1&#8243; _module_preset=&#8221;default&#8221; custom_margin=&#8221;-48px||0px||false|false&#8221; global_colors_info=&#8221;{}&#8221;]<\/p>\n<h1>Qui suis-je ?<\/h1>\n<p>[\/et_pb_text][et_pb_text _builder_version=&#8221;4.22.1&#8243; _module_preset=&#8221;9e3829af-4b6a-469d-8a0c-173f73e58fb4&#8243; global_colors_info=&#8221;{}&#8221;]Je suis Christine Sauvage et j\u2019aime r\u00e9v\u00e9ler les talents des personnes que j\u2019accompagne. [\/et_pb_text][et_pb_text _builder_version=&#8221;4.22.1&#8243; _module_preset=&#8221;default&#8221; global_colors_info=&#8221;{}&#8221;]Manager pendant 20 ans dans des grands groupes en France et \u00e0 l\u2019international, je suis profond\u00e9ment convaincue que la performance en entreprise passe par le d\u00e9veloppement de ses collaborateurs et de ses managers et par le d\u00e9veloppement du collectif car \u201c<strong>Ensemble on va plus loin<\/strong>\u201d.[\/et_pb_text][et_pb_text _builder_version=&#8221;4.22.1&#8243; _module_preset=&#8221;default&#8221; global_colors_info=&#8221;{}&#8221;]<\/p>\n<p>J\u2019ai cr\u00e9\u00e9 la soci\u00e9t\u00e9 Time2Shine pour aider les entreprises et les particuliers et je r\u00e9v\u00e8le les talents de chacun pour plus de Performance !<\/p>\n<p>[\/et_pb_text][dsm_button button_one_text=&#8221;Prendre rendez-vous&#8221; button_one_url=&#8221;https:\/\/zcal.co\/time2shine\/echange20min&#8221; button_one_url_new_window=&#8221;on&#8221; button_two_text=&#8221;D\u00e9couvrir mes accompagnements&#8221; button_two_url=&#8221;http:\/\/time2shine.fr\/accompagnement\/#accompagnements&#8221; _builder_version=&#8221;4.25.1&#8243; _module_preset=&#8221;default&#8221; global_colors_info=&#8221;{}&#8221;][\/dsm_button][\/et_pb_column][et_pb_column type=&#8221;2_5&#8243; _builder_version=&#8221;4.22.1&#8243; _module_preset=&#8221;default&#8221; global_colors_info=&#8221;{}&#8221;][et_pb_image src=&#8221;http:\/\/time2shine.fr\/wp-content\/uploads\/2023\/10\/Christine-Sauvage-\u00a9AnnaMarchlewska6933-1.jpg&#8221; alt=&#8221;Photo de Christine Sauvage&#8221; title_text=&#8221;Christine Sauvage&#8221; align=&#8221;right&#8221; _builder_version=&#8221;4.22.1&#8243; _module_preset=&#8221;default&#8221; global_colors_info=&#8221;{}&#8221;][\/et_pb_image][\/et_pb_column][\/et_pb_row][\/et_pb_section][et_pb_section fb_built=&#8221;1&#8243; _builder_version=&#8221;4.22.1&#8243; _module_preset=&#8221;019458d8-7d44-4aca-b084-d2244bdcf63b&#8221; background_enable_color=&#8221;off&#8221; global_colors_info=&#8221;{}&#8221;][et_pb_row column_structure=&#8221;1_2,1_2&#8243; _builder_version=&#8221;4.22.1&#8243; _module_preset=&#8221;default&#8221; global_colors_info=&#8221;{}&#8221;][et_pb_column type=&#8221;1_2&#8243; _builder_version=&#8221;4.22.1&#8243; _module_preset=&#8221;default&#8221; global_colors_info=&#8221;{}&#8221;][et_pb_text _builder_version=&#8221;4.22.1&#8243; _module_preset=&#8221;default&#8221; global_colors_info=&#8221;{}&#8221;]<\/p>\n<h2>Mon parcours<\/h2>\n<p>[\/et_pb_text][et_pb_text _builder_version=&#8221;4.22.1&#8243; _module_preset=&#8221;default&#8221; global_colors_info=&#8221;{}&#8221;]<\/p>\n<p>Avec plus de 25 ann\u00e9es d\u2019exp\u00e9rience professionnelle dans le monde du Consulting, de la Finance et de l\u2019Assurance, j\u2019ai d\u00e9velopp\u00e9 une capacit\u00e9 \u00e0 mener de grands projets avec mes \u00e9quipes. A travers mes exp\u00e9riences \u00e0 l\u2019\u00e9tranger, en l\u2019occurrence 7 ans au Canada, Japon et Angleterre, j\u2019ai d\u00e9velopp\u00e9 une sensibilit\u00e9 \u00e0 la culture et \u00e0 la singularit\u00e9 de chaque individu.<\/p>\n<p>[\/et_pb_text][et_pb_text _builder_version=&#8221;4.25.1&#8243; _module_preset=&#8221;default&#8221; global_colors_info=&#8221;{}&#8221;]<\/p>\n<p>C\u2019est avec l\u2019objectif d\u2019aider les personnes \u00e0 se d\u00e9velopper que j\u2019ai pass\u00e9 ma certification de Coach professionnel en 2019 et que j\u2019ai pu int\u00e9grer la communaut\u00e9 des Coach Internes au sein d\u2019un grand groupe d\u2019Assurance pendant 3 ans.<\/p>\n<p>Je suis aujourd&#8217;hui Coach Professionnelle (certifi\u00e9e RNCP et accr\u00e9dit\u00e9e EMCC Praticien. J&#8217;ai \u00e0 mon actif plus de 1000 heures de Coaching.<\/p>\n<p>&nbsp;<\/p>\n<p>[\/et_pb_text][et_pb_image src=&#8221;http:\/\/time2shine.fr\/wp-content\/uploads\/2023\/10\/Travail.png&#8221; alt=&#8221;Illustration repr\u00e9sentant la mont\u00e9e en comp\u00e9tence&#8221; title_text=&#8221;Travail&#8221; _builder_version=&#8221;4.22.1&#8243; _module_preset=&#8221;default&#8221; global_colors_info=&#8221;{}&#8221;][\/et_pb_image][\/et_pb_column][et_pb_column type=&#8221;1_2&#8243; module_class=&#8221;flex flex-column gap-16&#8243; _builder_version=&#8221;4.22.1&#8243; _module_preset=&#8221;default&#8221; global_colors_info=&#8221;{}&#8221;][et_pb_text _builder_version=&#8221;4.22.1&#8243; _module_preset=&#8221;default&#8221; global_colors_info=&#8221;{}&#8221;]<\/p>\n<p>J\u2019ai un parcours manag\u00e9rial et op\u00e9rationnel sur des postes et dans des entreprises tr\u00e8s vari\u00e9es :<\/p>\n<p>[\/et_pb_text][et_pb_text _builder_version=&#8221;4.22.2&#8243; _module_preset=&#8221;default&#8221; custom_margin=&#8221;0px||32px||false|false&#8221; global_colors_info=&#8221;{}&#8221;]<\/p>\n<div class=\"flex gap-16\">\n <img decoding=\"async\" src=\"http:\/\/time2shine.fr\/wp-content\/uploads\/2023\/10\/Axa-logo-1.png\"  alt=\"Logo Axa\" \/> <img decoding=\"async\" src=\"http:\/\/time2shine.fr\/wp-content\/uploads\/2023\/10\/logo-edmond-de-rothschild-2.png\" alt=\"Logo de edmond de rothschild\" \/> <img decoding=\"async\" src=\"http:\/\/time2shine.fr\/wp-content\/uploads\/2023\/10\/Group.png\" alt=\"Logo state street\"\/><img decoding=\"async\" src=\"http:\/\/time2shine.fr\/wp-content\/uploads\/2023\/10\/Logo_DMR-FUJITSUTER-1.png\" alt=\"Logo DMR Fujitsu\" \/>\n<\/div>\n<p>[\/et_pb_text][et_pb_toggle title=&#8221;Coach Professionnelle (plus de 1000 heures de Coaching) accr\u00e9dit\u00e9e&#8221; _builder_version=&#8221;4.27.0&#8243; _module_preset=&#8221;default&#8221; closed_title_font_size=&#8221;18px&#8221; hover_enabled=&#8221;0&#8243; global_colors_info=&#8221;{}&#8221; sticky_enabled=&#8221;0&#8243;]<\/p>\n<div class=\"grid row gap-32\">\n<div class=\"flex flex-column gap-16\">\n<p><span class=\"tag secondary-tag\">2022 &#8211; aujourd&#8217;hui<\/span><\/p>\n<p>&nbsp;<\/p>\n<h4>Time2Shine<\/h4>\n<p><img decoding=\"async\" src=\"http:\/\/time2shine.fr\/wp-content\/uploads\/2023\/10\/Logo-Time2shine.png\" alt=\"Logo de la soci\u00e9t\u00e9 Time2shine\" class=\"fit-content\" \/><\/p>\n<\/div>\n<div>\n<p>J\u2019accompagne aujourd\u2019hui en Coaching Individuel et Collectifs des Collaborateurs et des Managers pour leur permettre de se d\u00e9velopper dans leur vie professionnelle.<\/p>\n<p>J&#8217;accompagne les entreprises \u00e0 poser des diagnostics sur leurs \u00e9quipes et propose le dispositif adapt\u00e9 pour am\u00e9liorer son fonctionnement.<\/p>\n<p>Je suis form\u00e9e au Debriefing DISC en Individuel et en \u00c9quipe et je propose des formations au DISC et des ateliers exp\u00e9rienciels.<\/p>\n<p>J&#8217;accompagne des groupes de\u00a0 Managers en Co-D\u00e9veloppement.<\/p>\n<p>Je suis Coach de Transition chez Chance et j\u2019accompagne des Talents pour faire le point et passer \u00e0 l\u2019action sur leur prochaine \u00e9tape de vie professionnelle.<\/p>\n<p>J\u2019accompagne des groupes de femmes chez Force Femmes, une association pour le retour \u00e0 l\u2019emploi des femmes de plus de 45 ans . Je propose un travail en Collectif sur la Confiance en Soi.<\/p>\n<p>&nbsp;<\/p>\n<p>&nbsp;<\/p>\n<p>&nbsp;<\/p>\n<\/div>\n<\/div>\n<p>[\/et_pb_toggle][et_pb_toggle title=&#8221;Manager d\u2019une \u00e9quipe comptable&#8221; _builder_version=&#8221;4.22.1&#8243; _module_preset=&#8221;default&#8221; closed_title_font_size=&#8221;18px&#8221; global_colors_info=&#8221;{}&#8221;]<\/p>\n<div class=\"grid row gap-32\">\n<div class=\"flex flex-column gap-16\">\n<span class=\"tag secondary-tag\">2009 &#8211; 2022<\/span><\/p>\n<h4>Groupe Axa<\/h4>\n<p><img decoding=\"async\" src=\"http:\/\/time2shine.fr\/wp-content\/uploads\/2023\/10\/Axa-logo-1.png\" alt=\"Logo Axa\" class=\"fit-content\" \/>\n<\/div>\n<div>\n<p>Au sein d\u2019AXA XL, j&#8217;ai dirig\u00e9 une \u00e9quipe comptable compos\u00e9e de 15 personnes \u00e0 Paris en management direct et 20 personnes en Inde. Mon r\u00f4le principal \u00e9tait de guider et d&#8217;accompagner mon \u00e9quipe dans le cadre de la fusion de trois entit\u00e9s et sur un nouvel environnement suite \u00e0 une migration de syst\u00e8mes.<\/p>\n<\/div>\n<\/div>\n<p>[\/et_pb_toggle][et_pb_toggle title=&#8221;Coach Interne&#8221; _builder_version=&#8221;4.22.1&#8243; _module_preset=&#8221;default&#8221; closed_title_font_size=&#8221;18px&#8221; global_colors_info=&#8221;{}&#8221;]<\/p>\n<div class=\"grid row gap-32\">\n<div class=\"flex flex-column gap-16\">\n<span class=\"tag secondary-tag\">2009 &#8211; 2022<\/span><\/p>\n<h4>Groupe Axa<\/h4>\n<p><img decoding=\"async\" src=\"http:\/\/time2shine.fr\/wp-content\/uploads\/2023\/10\/Axa-logo-1.png\" alt=\"Logo Axa\" class=\"fit-content\" \/>\n<\/div>\n<div>\n<p>Au sein d\u2019AXA France, j\u2019ai eu l\u2019opportunit\u00e9 d\u2019\u00eatre Coach Interne au sein de la communaut\u00e9 des coachs internes AXA France pendant 3 ans. J&#8217;ai particip\u00e9 \u00e0 10% de mon temps au coaching professionnel d\u2019experts et de managers au sein de l&#8217;organisation, contribuant ainsi \u00e0 leur d\u00e9veloppement personnel et professionnel.<\/p>\n<\/div>\n<\/div>\n<p>[\/et_pb_toggle][et_pb_toggle title=&#8221;Responsable pilotage et ing\u00e9nierie de la formation&#8221; _builder_version=&#8221;4.22.1&#8243; _module_preset=&#8221;default&#8221; closed_title_font_size=&#8221;18px&#8221; global_colors_info=&#8221;{}&#8221;]<\/p>\n<div class=\"grid row gap-32\">\n<div class=\"flex flex-column gap-16\">\n<span class=\"tag secondary-tag\">2009 &#8211; 2022<\/span><\/p>\n<h4>Groupe Axa<\/h4>\n<p><img decoding=\"async\" src=\"http:\/\/time2shine.fr\/wp-content\/uploads\/2023\/10\/Axa-logo-1.png\" alt=\"Logo Axa\" class=\"fit-content\" \/>\n<\/div>\n<div>\n<p>En qualit\u00e9 de Responsable pilotage et ing\u00e9nierie de la formation au sein d\u2019AXA France, j&#8217;ai jou\u00e9 un r\u00f4le cl\u00e9 dans la transformation de la Direction de la Formation. J&#8217;ai notamment travaill\u00e9 sur la r\u00e9forme des politiques de formation, des processus, des cursus, et de l&#8217;alternance.\u00a0<\/p>\n<\/div>\n<\/div>\n<p>[\/et_pb_toggle][et_pb_toggle title=&#8221;Responsable du reporting des investissements groupe&#8221; _builder_version=&#8221;4.22.1&#8243; _module_preset=&#8221;default&#8221; closed_title_font_size=&#8221;18px&#8221; global_colors_info=&#8221;{}&#8221;]<\/p>\n<div class=\"grid row gap-32\">\n<div class=\"flex flex-column gap-16\">\n<span class=\"tag secondary-tag\">2009 &#8211; 2022<\/span><\/p>\n<h4>Groupe Axa<\/h4>\n<p><img decoding=\"async\" src=\"http:\/\/time2shine.fr\/wp-content\/uploads\/2023\/10\/Axa-logo-1.png\" alt=\"Logo Axa\" class=\"fit-content\" \/>\n<\/div>\n<div>\n<p>Au sein du GIE AXA, j\u2019ai dirig\u00e9 l\u2019\u00e9quipe en\u00a0charge du Reporting pour la direction des investissements Groupe avec la constitution et la direction de 2 \u00e9quipes chapeaut\u00e9es par un manager suite \u00e0 la mise en place d\u2019un nouveau data lake. Ma mission \u00e9tait de s\u00e9curiser la transition de l\u2019\u00e9quipe suite au d\u00e9part de l\u2019\u00e9quipe de consultants et de s\u00e9curiser l\u2019impl\u00e9mentation de la fin du projet et des ajustements n\u00e9cessaires.\u00a0<\/p>\n<\/div>\n<\/div>\n<p>[\/et_pb_toggle][et_pb_toggle title=&#8221;Responsable du COO Office Client Group&#8221; _builder_version=&#8221;4.23&#8243; _module_preset=&#8221;default&#8221; closed_title_font_size=&#8221;18px&#8221; global_colors_info=&#8221;{}&#8221;]<\/p>\n<div class=\"grid row gap-32\">\n<div class=\"flex flex-column gap-16\">\n<p><span class=\"tag secondary-tag\">2009 &#8211; 2022<\/span><\/p>\n<h4>Groupe Axa<\/h4>\n<p><img decoding=\"async\" src=\"http:\/\/time2shine.fr\/wp-content\/uploads\/2023\/10\/Axa-logo-1.png\" alt=\"Logo Axa\" class=\"fit-content\" \/><\/p>\n<\/div>\n<div>\n<p>Au sein d&#8217;AXA-IM la filiale de Gestion d&#8217;Actifs, j&#8217;ai \u00e9t\u00e9 en charge du COO Office afin de s\u00e9curiser les reportings de Collecte du p\u00f4le commercial.<\/p>\n<\/div>\n<\/div>\n<p>[\/et_pb_toggle][et_pb_toggle title=&#8221;Responsable de l\u2019\u00e9quipe technologie au service d\u2019une ligne m\u00e9tier en Gestion d\u2019Actifs&#8221; _builder_version=&#8221;4.22.1&#8243; _module_preset=&#8221;default&#8221; closed_title_font_size=&#8221;18px&#8221; global_colors_info=&#8221;{}&#8221;]<\/p>\n<div class=\"grid row gap-32\">\n<div class=\"flex flex-column gap-16\">\n<span class=\"tag secondary-tag\">2009 &#8211; 2022<\/span><\/p>\n<h4>Groupe Axa<\/h4>\n<p><img decoding=\"async\" src=\"http:\/\/time2shine.fr\/wp-content\/uploads\/2023\/10\/Axa-logo-1.png\" alt=\"Logo Axa\" class=\"fit-content\" \/>\n<\/div>\n<div>\n<p>Au sein d\u2019AXA-IM la filiale de Gestion d\u2019Actifs, j&#8217;ai dirig\u00e9 l\u2019\u00e9quipe Technologie en charge du Support, des Projets pour la ligne m\u00e9tier AXA Structured Finance, o\u00f9 j&#8217;ai supervis\u00e9 une \u00e9quipe de 15 personnes, garantissant un fonctionnement efficace des syst\u00e8mes.<\/p>\n<\/div>\n<\/div>\n<p>[\/et_pb_toggle][et_pb_toggle title=&#8221;Responsable de l\u2019\u00e9quipe technologie en charge d\u2019un progiciel pour la gestion des d\u00e9riv\u00e9s en gestion d\u2019actifs&#8221; _builder_version=&#8221;4.22.1&#8243; _module_preset=&#8221;default&#8221; closed_title_font_size=&#8221;18px&#8221; global_colors_info=&#8221;{}&#8221;]<\/p>\n<div class=\"grid row gap-32\">\n<div class=\"flex flex-column gap-16\">\n<span class=\"tag secondary-tag\">2009 &#8211; 2022<\/span><\/p>\n<h4>Groupe Axa<\/h4>\n<p><img decoding=\"async\" src=\"http:\/\/time2shine.fr\/wp-content\/uploads\/2023\/10\/Axa-logo-1.png\" alt=\"Logo Axa\" class=\"fit-content\" \/>\n<\/div>\n<div>\n<p>En tant que Responsable de l\u2019\u00e9quipe Sophis au sein d\u2019AXA-IM, j&#8217;ai dirig\u00e9 une \u00e9quipe Technologie compos\u00e9e de 30 personnes, \u00e0 la fois internes et externes. Ma mission \u00e9tait de fournir un support complet pour l&#8217;application de gestion des d\u00e9riv\u00e9s et de superviser le projet de migration du progiciel.<\/p>\n<\/div>\n<\/div>\n<p>[\/et_pb_toggle][et_pb_toggle title=&#8221;Adjointe du p\u00f4le MOA, en charge des projets front office&#8221; _builder_version=&#8221;4.22.1&#8243; _module_preset=&#8221;default&#8221; closed_title_font_size=&#8221;18px&#8221; global_colors_info=&#8221;{}&#8221;]<\/p>\n<div class=\"grid row gap-32\">\n<div class=\"flex flex-column gap-16\"><span class=\"tag secondary-tag\">2008 &#8211; 2009<\/span><\/p>\n<p>&nbsp;<\/p>\n<h4>Groupe<br \/>Edmond de Rothschild<br \/>Asset Management<\/h4>\n<p><img decoding=\"async\" src=\"http:\/\/time2shine.fr\/wp-content\/uploads\/2023\/10\/logo-edmond-de-rothschild-2.png\" alt=\"Logo de edmond de rothschild\" class=\"fit-content\" \/><\/p>\n<\/div>\n<div>\n<p>En tant qu&#8217;Adjointe du p\u00f4le MOA, en charge des projets Front Office, j&#8217;ai travaill\u00e9 sur la coordination de divers projets dont la migration du syst\u00e8me li\u00e9s \u00e0 la gestion des actifs financiers.<\/p>\n<\/div>\n<\/div>\n<p>[\/et_pb_toggle][et_pb_toggle title=&#8221;Responsable d\u2019une \u00e9quipe de d\u00e9veloppeurs&#8221; _builder_version=&#8221;4.22.1&#8243; _module_preset=&#8221;default&#8221; closed_title_font_size=&#8221;18px&#8221; global_colors_info=&#8221;{}&#8221;]<\/p>\n<div class=\"grid row gap-32\">\n<div class=\"flex flex-column gap-16\">\n<p><span class=\"tag secondary-tag\">2003 &#8211; 2008<\/span><\/p>\n<p>&nbsp;<\/p>\n<h4>Groupe<br \/>State Street Bank<\/h4>\n<p><img decoding=\"async\" src=\"http:\/\/time2shine.fr\/wp-content\/uploads\/2023\/10\/Group.png\" alt=\"Logo state street\" class=\"fit-content\" \/><\/p>\n<\/div>\n<div>\n<p>Au cours de mes ann\u00e9es chez State Street Bank en Europe j&#8217;ai eu des r\u00f4les tr\u00e8s vari\u00e9s. J&#8217;ai coordonn\u00e9 un deal d&#8217;outsourcing majeur avec AXA-IM au UK, puis de retour en France coordonn\u00e9 le Change Management pour organiser le transfert des activit\u00e9s puis cr\u00e9\u00e9 une \u00e9quipe de d\u00e9veloppeurs \u00e0 Paris dont j&#8217;ai eu la responsabilit\u00e9 dans la nouvelle entit\u00e9.<\/p>\n<\/div>\n<\/div>\n<p>[\/et_pb_toggle][et_pb_toggle title=&#8221;Coordinateur sur un Deal d&#8217;Outsourcing puis sur le Change Management de l&#8217;activit\u00e9&#8221; _builder_version=&#8221;4.22.1&#8243; _module_preset=&#8221;default&#8221; closed_title_font_size=&#8221;18px&#8221; global_colors_info=&#8221;{}&#8221;]<\/p>\n<div class=\"grid row gap-32\">\n<div class=\"flex flex-column gap-16\">\n<p><span class=\"tag secondary-tag\">2003 &#8211; 2008<\/span><\/p>\n<p>&nbsp;<\/p>\n<h4>Groupe<br \/>State Street Bank<\/h4>\n<p><img decoding=\"async\" src=\"http:\/\/time2shine.fr\/wp-content\/uploads\/2023\/10\/Group.png\" alt=\"Logo state street\" class=\"fit-content\" \/><\/p>\n<\/div>\n<div>\n<p>Au cours de mes ann\u00e9es chez State Street Bank, en Europe j&#8217;ai eu des r\u00f4les tr\u00e8s vari\u00e9s. J&#8217;ai coordonn\u00e9 un deal d&#8217;outsourcing majeur avec AXA-IM au UK, puis de retour en France coordonn\u00e9 le Change Management pour organiser le transfert des activit\u00e9s puis cr\u00e9\u00e9 une \u00e9quipe de d\u00e9veloppeurs \u00e0 Paris dont j&#8217;ai eu la responsabilit\u00e9 dans la nouvelle entit\u00e9.<\/p>\n<\/div>\n<\/div>\n<p>[\/et_pb_toggle][et_pb_toggle title=&#8221;D\u00e9veloppeur et Chef de projet au Japon&#8221; _builder_version=&#8221;4.22.1&#8243; _module_preset=&#8221;default&#8221; closed_title_font_size=&#8221;18px&#8221; global_colors_info=&#8221;{}&#8221;]<\/p>\n<div class=\"grid row gap-32\">\n<div class=\"flex flex-column gap-16\">\n<p><span class=\"tag secondary-tag\">2000 &#8211; 2002<\/span><\/p>\n<p>&nbsp;<\/p>\n<h4>Groupe<br \/>State Street Bank<\/h4>\n<p><img decoding=\"async\" src=\"http:\/\/time2shine.fr\/wp-content\/uploads\/2023\/10\/Group.png\" alt=\"Logo state street\" class=\"fit-content\" \/><\/p>\n<\/div>\n<div>\n<p>Au cours de mes ann\u00e9es chez State Street Bank, j&#8217;ai \u00e9t\u00e9 Developpeuse puis Chef de Projet IT pour d\u00e9velopper des syst\u00e8mes de reporting au Japon.<\/p>\n<\/div>\n<\/div>\n<p>[\/et_pb_toggle][et_pb_toggle title=&#8221;Consultante en France&#8221; _builder_version=&#8221;4.23&#8243; _module_preset=&#8221;default&#8221; closed_title_font_size=&#8221;18px&#8221; global_colors_info=&#8221;{}&#8221;]<\/p>\n<div class=\"grid row gap-32\">\n<div class=\"flex flex-column gap-16\">\n<p><span class=\"tag secondary-tag\">1999 &#8211; 2000<\/span>\u00a0<\/p>\n<h4>Groupe<br \/>DMR &#8211; Fujitsu<br \/>Consulting group<\/h4>\n<p><img decoding=\"async\" src=\"http:\/\/time2shine.fr\/wp-content\/uploads\/2023\/10\/Logo_DMR-FUJITSUTER-1.png\" alt=\"Logo DMR Fujitsu\" class=\"fit-content\" \/><\/p>\n<\/div>\n<div>\n<p>Lors de ma mission chez DMR &#8211; Fujitsu Consulting group en France, j&#8217;ai \u00e9t\u00e9 consultante sur diff\u00e9rentes missions et notamment coordinatrice des webmasters pour Citroen.<\/p>\n<\/div>\n<\/div>\n<p>[\/et_pb_toggle][et_pb_toggle title=&#8221;D\u00e9veloppeuse et Analyste Qualit\u00e9 au Canada&#8221; _builder_version=&#8221;4.22.1&#8243; _module_preset=&#8221;default&#8221; closed_title_font_size=&#8221;18px&#8221; global_colors_info=&#8221;{}&#8221;]<\/p>\n<div class=\"grid row gap-32\">\n<div class=\"flex flex-column gap-16\">\n<p><span class=\"tag secondary-tag\">1997 &#8211; 1999<\/span><\/p>\n<p>&nbsp;<\/p>\n<h4>Groupe<br \/>DMR &#8211; Fujitsu<br \/>Consulting group<\/h4>\n<p><img decoding=\"async\" src=\"http:\/\/time2shine.fr\/wp-content\/uploads\/2023\/10\/Logo_DMR-FUJITSUTER-1.png\" alt=\"Logo DMR Fujitsu\" class=\"fit-content\" \/><\/p>\n<\/div>\n<div>\n<p>Lors de ma mission chez DMR &#8211; Fujitsu Consulting group \u00e0 Montr\u00e9al, j&#8217;ai d&#8217;abord \u00e9t\u00e9 d\u00e9veloppeuse puis analyste en charge du contr\u00f4le qualit\u00e9.<\/p>\n<\/div>\n<\/div>\n<p>[\/et_pb_toggle][\/et_pb_column][\/et_pb_row][\/et_pb_section][et_pb_section fb_built=&#8221;1&#8243; specialty=&#8221;on&#8221; _builder_version=&#8221;4.22.1&#8243; _module_preset=&#8221;default&#8221; custom_margin=&#8221;0px||196px||false|false&#8221; global_colors_info=&#8221;{}&#8221;][et_pb_column type=&#8221;1_2&#8243; specialty_columns=&#8221;2&#8243; _builder_version=&#8221;4.16&#8243; custom_padding=&#8221;|||&#8221; global_colors_info=&#8221;{}&#8221; custom_padding__hover=&#8221;|||&#8221;][et_pb_row_inner _builder_version=&#8221;4.22.1&#8243; _module_preset=&#8221;default&#8221; global_colors_info=&#8221;{}&#8221;][et_pb_column_inner saved_specialty_column_type=&#8221;1_2&#8243; _builder_version=&#8221;4.22.1&#8243; _module_preset=&#8221;default&#8221; global_colors_info=&#8221;{}&#8221;][et_pb_text _builder_version=&#8221;4.22.1&#8243; _module_preset=&#8221;default&#8221; global_colors_info=&#8221;{}&#8221;]<\/p>\n<h3>Mes certifications<\/h3>\n<p>[\/et_pb_text][et_pb_text _builder_version=&#8221;4.22.1&#8243; _module_preset=&#8221;default&#8221; global_colors_info=&#8221;{}&#8221;]<\/p>\n<p>Ma passion pour le d\u00e9veloppement professionnel et ma volont\u00e9 de soutenir la r\u00e9ussite des individus m&#8217;ont amen\u00e9 \u00e0 obtenir plusieurs certifications :<\/p>\n<p>[\/et_pb_text][\/et_pb_column_inner][\/et_pb_row_inner][et_pb_row_inner _builder_version=&#8221;4.22.1&#8243; _module_preset=&#8221;default&#8221; global_colors_info=&#8221;{}&#8221;][et_pb_column_inner _builder_version=&#8221;4.22.1&#8243; _module_preset=&#8221;76a8c287-b68b-4ef8-945f-996e4ad6f72d&#8221; global_colors_info=&#8221;{}&#8221;][et_pb_text _builder_version=&#8221;4.22.1&#8243; _module_preset=&#8221;default&#8221; global_colors_info=&#8221;{}&#8221;]<\/p>\n<ul class=\"grid gap-16\">\n<li>Accr\u00e9dit\u00e9e EMCC Praticien<\/li>\n<li>Certifi\u00e9e RNCP \u00e0 \u00e0 l&#8217;Acad\u00e9mie du Coaching en tant que Coach Professionnel<\/li>\n<li>Certifi\u00e9e \u00e0 l&#8217;outil d&#8217;analyse comportementale DISC<\/li>\n<li>\n<p class=\"p1\">Certifi\u00e9e au mod\u00e8le Process Communication\u00ae<\/p>\n<\/li>\n<li>Form\u00e9e au Coaching d&#8217;\u00c9quipe avec la formation Coaching et Leadership Syst\u00e9miques Coaching (\u00c9choSyst\u00e8mes)<\/li>\n<li>Form\u00e9e au Dialogue Int\u00e9rieur avec la formation Atelier du Dialogue Int\u00e9rieur<\/li>\n<\/ul>\n<p>[\/et_pb_text][\/et_pb_column_inner][\/et_pb_row_inner][et_pb_row_inner _builder_version=&#8221;4.22.1&#8243; _module_preset=&#8221;default&#8221; global_colors_info=&#8221;{}&#8221;][et_pb_column_inner saved_specialty_column_type=&#8221;1_2&#8243; _builder_version=&#8221;4.22.1&#8243; _module_preset=&#8221;default&#8221; global_colors_info=&#8221;{}&#8221;][et_pb_text _builder_version=&#8221;4.27.0&#8243; _module_preset=&#8221;default&#8221; global_colors_info=&#8221;{}&#8221;]<\/p>\n<h3>Dans une d\u00e9marche professionnelle<\/h3>\n<p>[\/et_pb_text][et_pb_text _builder_version=&#8221;4.27.0&#8243; _module_preset=&#8221;default&#8221; global_colors_info=&#8221;{}&#8221;]<\/p>\n<p class=\"p1\">Mon activit\u00e9 s\u2019inscrit dans une d\u00e9marche exigeante et structur\u00e9e.<\/p>\n<p class=\"p1\">Elle a \u00e9t\u00e9 mise en conformit\u00e9 juridique gr\u00e2ce \u00e0 l\u2019accompagnement d\u2019<a href=\"https:\/\/houjo.fr\/\" target=\"_blank\" rel=\"noopener\">Houjo<\/a>, garantissant le respect des obligations l\u00e9gales et d\u00e9ontologiques.<\/p>\n<p class=\"p1\">Je suis \u00e9galement supervis\u00e9e, \u00e0 la fois individuellement et collectivement, afin d\u2019assurer un regard ext\u00e9rieur r\u00e9gulier sur ma pratique, d\u2019enrichir mes m\u00e9thodes et de maintenir un haut niveau de qualit\u00e9 au service de mes clients.<\/p>\n<p>[\/et_pb_text][\/et_pb_column_inner][\/et_pb_row_inner][\/et_pb_column][et_pb_column type=&#8221;1_2&#8243; _builder_version=&#8221;4.16&#8243; custom_padding=&#8221;|||&#8221; global_colors_info=&#8221;{}&#8221; custom_padding__hover=&#8221;|||&#8221;][et_pb_image src=&#8221;http:\/\/time2shine.fr\/wp-content\/uploads\/2024\/08\/EMCC-Accreditation-Practitioner-Logo.png&#8221; alt=&#8221;Accreditation EMCC&#8221; title_text=&#8221;EMCC Accreditation Practitioner Logo&#8221; align=&#8221;right&#8221; _builder_version=&#8221;4.25.2&#8243; _module_preset=&#8221;default&#8221; global_colors_info=&#8221;{}&#8221;][\/et_pb_image][et_pb_image src=&#8221;http:\/\/time2shine.fr\/wp-content\/uploads\/2024\/08\/Logo-ADC.png&#8221; alt=&#8221;Accreditation EMCC&#8221; title_text=&#8221;Logo ADC&#8221; align=&#8221;right&#8221; _builder_version=&#8221;4.25.2&#8243; _module_preset=&#8221;default&#8221; global_colors_info=&#8221;{}&#8221;][\/et_pb_image][\/et_pb_column][\/et_pb_section][et_pb_section fb_built=&#8221;1&#8243; _builder_version=&#8221;4.22.1&#8243; _module_preset=&#8221;019458d8-7d44-4aca-b084-d2244bdcf63b&#8221; global_colors_info=&#8221;{}&#8221;][et_pb_row _builder_version=&#8221;4.22.1&#8243; _module_preset=&#8221;default&#8221; global_colors_info=&#8221;{}&#8221;][et_pb_column type=&#8221;4_4&#8243; _builder_version=&#8221;4.22.1&#8243; _module_preset=&#8221;default&#8221; global_colors_info=&#8221;{}&#8221;][et_pb_text _builder_version=&#8221;4.22.1&#8243; _module_preset=&#8221;default&#8221; global_colors_info=&#8221;{}&#8221;]<\/p>\n<h2>Mes valeurs<\/h2>\n<p>[\/et_pb_text][et_pb_text _builder_version=&#8221;4.22.1&#8243; _module_preset=&#8221;default&#8221; global_colors_info=&#8221;{}&#8221;]<\/p>\n<p>En tant que coach professionnelle, je m&#8217;engage pleinement \u00e0 incarner des valeurs fondamentales qui guident mon approche et mes interactions avec mes clients. Ces valeurs sont au c\u0153ur de mon travail et refl\u00e8tent ma vision du coaching en entreprise.<\/p>\n<p>[\/et_pb_text][\/et_pb_column][\/et_pb_row][et_pb_row column_structure=&#8221;1_2,1_2&#8243; make_equal=&#8221;on&#8221; _builder_version=&#8221;4.22.1&#8243; _module_preset=&#8221;default&#8221; global_colors_info=&#8221;{}&#8221;][et_pb_column type=&#8221;1_2&#8243; _builder_version=&#8221;4.22.1&#8243; _module_preset=&#8221;9ebcfbd5-c368-426e-ac41-f9042d2542a4&#8243; global_colors_info=&#8221;{}&#8221;][et_pb_text _builder_version=&#8221;4.22.1&#8243; _module_preset=&#8221;a433422f-bbec-44f3-b875-bbb259d61947&#8243; global_colors_info=&#8221;{}&#8221;]<\/p>\n<div class=\"grid row gap-16\">\n<div><img decoding=\"async\" src=\"http:\/\/time2shine.fr\/wp-content\/uploads\/2023\/10\/check-circle.png\" alt=\"Ic\u00f4ne repr\u00e9sentant une v\u00e9rification\" class=\"fit-content padding-top-4\" \/><\/div>\n<h3>Accueil inconditionnel en toute bienveillance et sans jugement des probl\u00e9matiques<\/h3>\n<\/div>\n<p>[\/et_pb_text][et_pb_text _builder_version=&#8221;4.22.1&#8243; _module_preset=&#8221;default&#8221; global_colors_info=&#8221;{}&#8221;]<\/p>\n<p>Je crois fermement en la capacit\u00e9 de chacun \u00e0 \u00e9voluer et \u00e0 grandir, quelles que soient les circonstances. Dans un espace s\u00e9curis\u00e9 et d\u00e9nu\u00e9 de jugement, je vous encourage \u00e0 explorer vos d\u00e9fis et \u00e0 les transformer en opportunit\u00e9s de croissance. La bienveillance est ma boussole, et je suis l\u00e0 pour vous soutenir \u00e0 chaque \u00e9tape de votre parcours.<\/p>\n<p>[\/et_pb_text][\/et_pb_column][et_pb_column type=&#8221;1_2&#8243; _builder_version=&#8221;4.22.1&#8243; _module_preset=&#8221;9ebcfbd5-c368-426e-ac41-f9042d2542a4&#8243; global_colors_info=&#8221;{}&#8221;][et_pb_text _builder_version=&#8221;4.22.1&#8243; _module_preset=&#8221;a433422f-bbec-44f3-b875-bbb259d61947&#8243; global_colors_info=&#8221;{}&#8221;]<\/p>\n<div class=\"grid row gap-16\">\n<div><img decoding=\"async\" src=\"http:\/\/time2shine.fr\/wp-content\/uploads\/2023\/10\/check-circle.png\" alt=\"Ic\u00f4ne repr\u00e9sentant une v\u00e9rification\" class=\"fit-content padding-top-4\" \/><\/div>\n<h3>\u00c9coute active<\/h3>\n<\/div>\n<p>[\/et_pb_text][et_pb_text _builder_version=&#8221;4.22.1&#8243; _module_preset=&#8221;default&#8221; global_colors_info=&#8221;{}&#8221;]<\/p>\n<p>Je m&#8217;engage \u00e0 vous \u00e9couter avec une attention totale, \u00e0 entendre non seulement ce que vous dites, mais aussi ce que vous ressentez. Cette \u00e9coute profonde me permet de mieux comprendre vos besoins, vos aspirations et vos pr\u00e9occupations, cr\u00e9ant ainsi un espace propice \u00e0 la r\u00e9flexion et \u00e0 la transformation.<\/p>\n<p>[\/et_pb_text][\/et_pb_column][\/et_pb_row][et_pb_row column_structure=&#8221;1_2,1_2&#8243; make_equal=&#8221;on&#8221; _builder_version=&#8221;4.22.1&#8243; _module_preset=&#8221;default&#8221; global_colors_info=&#8221;{}&#8221;][et_pb_column type=&#8221;1_2&#8243; _builder_version=&#8221;4.22.1&#8243; _module_preset=&#8221;9ebcfbd5-c368-426e-ac41-f9042d2542a4&#8243; global_colors_info=&#8221;{}&#8221;][et_pb_text _builder_version=&#8221;4.22.1&#8243; _module_preset=&#8221;a433422f-bbec-44f3-b875-bbb259d61947&#8243; global_colors_info=&#8221;{}&#8221;]<\/p>\n<div class=\"grid row gap-16\">\n<div><img decoding=\"async\" src=\"http:\/\/time2shine.fr\/wp-content\/uploads\/2023\/10\/check-circle.png\" alt=\"Ic\u00f4ne repr\u00e9sentant une v\u00e9rification\" class=\"fit-content padding-top-4\" \/><\/div>\n<h3>Respect de l\u2019autre et de sa diff\u00e9rence.<\/h3>\n<\/div>\n<p>[\/et_pb_text][et_pb_text _builder_version=&#8221;4.22.1&#8243; _module_preset=&#8221;default&#8221; global_colors_info=&#8221;{}&#8221;]<\/p>\n<p>Je respecte profond\u00e9ment la diff\u00e9rence. Mon approche est con\u00e7ue pour s&#8217;adapter \u00e0 vos besoins individuels, en reconnaissant que ce qui fonctionne pour une personne peut ne pas convenir \u00e0 une autre. Le respect de votre singularit\u00e9 est au c\u0153ur de notre collaboration.<\/p>\n<p>[\/et_pb_text][\/et_pb_column][et_pb_column type=&#8221;1_2&#8243; _builder_version=&#8221;4.22.1&#8243; _module_preset=&#8221;9ebcfbd5-c368-426e-ac41-f9042d2542a4&#8243; global_colors_info=&#8221;{}&#8221;][et_pb_text _builder_version=&#8221;4.22.1&#8243; _module_preset=&#8221;a433422f-bbec-44f3-b875-bbb259d61947&#8243; global_colors_info=&#8221;{}&#8221;]<\/p>\n<div class=\"grid row gap-16\">\n<div><img decoding=\"async\" src=\"http:\/\/time2shine.fr\/wp-content\/uploads\/2023\/10\/check-circle.png\" alt=\"Ic\u00f4ne repr\u00e9sentant une v\u00e9rification\" class=\"fit-content padding-top-4\" \/><\/div>\n<h3>Respect de la libert\u00e9 de l\u2019autre<\/h3>\n<\/div>\n<p>[\/et_pb_text][et_pb_text _builder_version=&#8221;4.22.1&#8243; _module_preset=&#8221;default&#8221; global_colors_info=&#8221;{}&#8221;]<\/p>\n<p>Je m&#8217;engage \u00e0 respecter votre libert\u00e9 de choix et d&#8217;action. Mon r\u00f4le est de vous accompagner dans la prise de d\u00e9cision et de vous offrir des outils pour atteindre vos objectifs, tout en respectant votre rythme et vos priorit\u00e9s.<\/p>\n<p>[\/et_pb_text][\/et_pb_column][\/et_pb_row][et_pb_row make_equal=&#8221;on&#8221; _builder_version=&#8221;4.22.1&#8243; _module_preset=&#8221;default&#8221; global_colors_info=&#8221;{}&#8221;][et_pb_column type=&#8221;4_4&#8243; _builder_version=&#8221;4.22.1&#8243; _module_preset=&#8221;9ebcfbd5-c368-426e-ac41-f9042d2542a4&#8243; global_colors_info=&#8221;{}&#8221;][et_pb_text _builder_version=&#8221;4.22.1&#8243; _module_preset=&#8221;a433422f-bbec-44f3-b875-bbb259d61947&#8243; global_colors_info=&#8221;{}&#8221;]<\/p>\n<div class=\"grid row gap-16\">\n<div><img decoding=\"async\" src=\"http:\/\/time2shine.fr\/wp-content\/uploads\/2023\/10\/check-circle.png\" alt=\"Ic\u00f4ne repr\u00e9sentant une v\u00e9rification\" class=\"fit-content padding-top-4\" \/><\/div>\n<h3>Ensemble on est plus fort (Intelligence Collective)<\/h3>\n<\/div>\n<p>[\/et_pb_text][et_pb_text _builder_version=&#8221;4.22.1&#8243; _module_preset=&#8221;default&#8221; global_colors_info=&#8221;{}&#8221;]<\/p>\n<p>Travailler ensemble, en \u00e9quipe, peut g\u00e9n\u00e9rer des id\u00e9es novatrices et des solutions cr\u00e9atives aux d\u00e9fis les plus complexes. En tant que coach, je favorise la compr\u00e9hension du pouvoir de la collaboration, de la co-cr\u00e9ation et de l&#8217;exploration collective en entreprise. Nous sommes plus forts lorsque nous unissons nos forces pour atteindre un objectif commun.<\/p>\n<p>[\/et_pb_text][\/et_pb_column][\/et_pb_row][et_pb_row _builder_version=&#8221;4.22.1&#8243; _module_preset=&#8221;default&#8221; global_colors_info=&#8221;{}&#8221;][et_pb_column type=&#8221;4_4&#8243; _builder_version=&#8221;4.22.1&#8243; _module_preset=&#8221;default&#8221; global_colors_info=&#8221;{}&#8221;][dsm_button button_one_text=&#8221;Prendre rendez-vous&#8221; button_one_url=&#8221;https:\/\/zcal.co\/time2shine\/echange20min&#8221; button_one_url_new_window=&#8221;on&#8221; button_two_text=&#8221;D\u00e9couvrir mes accompagnements&#8221; button_two_url=&#8221;http:\/\/time2shine.fr\/accompagnement\/#accompagnements&#8221; _builder_version=&#8221;4.25.1&#8243; _module_preset=&#8221;default&#8221; global_colors_info=&#8221;{}&#8221;][\/dsm_button][\/et_pb_column][\/et_pb_row][\/et_pb_section]<\/p>\n","protected":false},"excerpt":{"rendered":"<p>Je suis coach professionnel et vous accompagne avec un coaching sur mesure: Vous \u00eates collaborateur ou manager en entreprise et vous cherchez \u00e0 surmonter des d\u00e9fis professionnels ou \u00e0 d\u00e9velopper vos comp\u00e9tences.<\/p>\n","protected":false},"author":2,"featured_media":174,"parent":0,"menu_order":0,"comment_status":"closed","ping_status":"closed","template":"","meta":{"_et_pb_use_builder":"on","_et_pb_old_content":"","_et_gb_content_width":"","footnotes":""},"class_list":["post-171","page","type-page","status-publish","has-post-thumbnail","hentry"],"_links":{"self":[{"href":"https:\/\/time2shine.fr\/en\/wp-json\/wp\/v2\/pages\/171","targetHints":{"allow":["GET"]}}],"collection":[{"href":"https:\/\/time2shine.fr\/en\/wp-json\/wp\/v2\/pages"}],"about":[{"href":"https:\/\/time2shine.fr\/en\/wp-json\/wp\/v2\/types\/page"}],"author":[{"embeddable":true,"href":"https:\/\/time2shine.fr\/en\/wp-json\/wp\/v2\/users\/2"}],"replies":[{"embeddable":true,"href":"https:\/\/time2shine.fr\/en\/wp-json\/wp\/v2\/comments?post=171"}],"version-history":[{"count":35,"href":"https:\/\/time2shine.fr\/en\/wp-json\/wp\/v2\/pages\/171\/revisions"}],"predecessor-version":[{"id":1754,"href":"https:\/\/time2shine.fr\/en\/wp-json\/wp\/v2\/pages\/171\/revisions\/1754"}],"wp:featuredmedia":[{"embeddable":true,"href":"https:\/\/time2shine.fr\/en\/wp-json\/wp\/v2\/media\/174"}],"wp:attachment":[{"href":"https:\/\/time2shine.fr\/en\/wp-json\/wp\/v2\/media?parent=171"}],"curies":[{"name":"wp","href":"https:\/\/api.w.org\/{rel}","templated":true}]}}