{"id":510,"date":"2023-10-14T08:11:58","date_gmt":"2023-10-14T08:11:58","guid":{"rendered":"http:\/\/time2shine.fr\/?page_id=510"},"modified":"2024-09-03T15:42:38","modified_gmt":"2024-09-03T15:42:38","slug":"politique-de-confidentialite","status":"publish","type":"page","link":"https:\/\/time2shine.fr\/en\/politique-de-confidentialite\/","title":{"rendered":"Politique de confidentialit\u00e9"},"content":{"rendered":"\n<p><strong>TIME2SHINE <\/strong>en qualit\u00e9 de responsable du traitement, attache une grande importance \u00e0 la protection et au respect de votre vie priv\u00e9e. La pr\u00e9sente politique vise \u00e0 vous informer, conform\u00e9ment au R\u00e8glement europ\u00e9en n\u00b0 2016-679 du 27 avril 2016 relatif \u00e0 la protection des personnes physiques \u00e0 l\u2019\u00e9gard du traitement des donn\u00e9es \u00e0 caract\u00e8re personnel et \u00e0 la libre circulation de ces donn\u00e9es (ci-apr\u00e8s d\u00e9nomm\u00e9 le \u00ab R\u00e8glement \u00bb ou&nbsp;\u00ab&nbsp;RGPD&nbsp;\u00bb), de nos pratiques concernant la collecte, l\u2019utilisation et le partage des informations que vous \u00eates amen\u00e9s \u00e0 nous fournir par le biais de notre site internet (ci-apr\u00e8s le \u00ab&nbsp;Site&nbsp;\u00bb).<\/p>\n\n\n\n<p>Cette politique a pour but de vous informer sur les cat\u00e9gories de donn\u00e9es personnelles que nous pourrions collecter ou d\u00e9tenir sur vous, comment nous les utilisons, avec qui nous les partageons, comment nous les prot\u00e9geons, et les droits dont vous disposez sur vos donn\u00e9es personnelles.<\/p>\n\n\n\n<h2 class=\"wp-block-heading\"><strong>Qu\u2019est-ce qu\u2019une donn\u00e9e personnelle ?<\/strong><\/h2>\n\n\n\n<p>Le terme \u00ab donn\u00e9e personnelle \u00bb d\u00e9signe toutes les donn\u00e9es qui permettent de vous identifier, en tant qu\u2019individu. Lors de votre utilisation du site internet (le \u00ab Site \u00bb), nous pouvons \u00eatre amen\u00e9s \u00e0 vous demander de nous communiquer certaines donn\u00e9es personnelles vous concernant.<\/p>\n\n\n\n<h2 class=\"wp-block-heading\"><br><strong>Quelles sont les donn\u00e9es personnelles que nous collectons&nbsp;?<\/strong><\/h2>\n\n\n\n<p>En utilisant notre Site et dans le cadre des missions que nous r\u00e9alisons pour votre compte, vous \u00eates amen\u00e9s \u00e0 nous transmettre des informations, dont certaines sont de nature \u00e0 vous identifier et constituent de ce fait des donn\u00e9es \u00e0 caract\u00e8re personnel (ci-apr\u00e8s d\u00e9nomm\u00e9es les \u00ab&nbsp;Donn\u00e9es&nbsp;\u00bb). Ces Donn\u00e9es contiennent notamment des donn\u00e9es&nbsp;(i) d\u2019identification (nom, pr\u00e9nom, adresse, email), (ii) de transaction (RIB pour paiement), (iii) techniques (si n\u00e9cessaire pour le fonctionnement du Site), (iv) des donn\u00e9es li\u00e9es \u00e0 la mission d\u2019accompagnement que nous proposons (lesquelles peuvent inclure des donn\u00e9es particuli\u00e8res) et (v) relatives \u00e0 votre navigation sur notre Site.<\/p>\n\n\n\n<h2 class=\"wp-block-heading\"><strong>Comment utilisons-nous les donn\u00e9es que nous collectons et sur quelle base l\u00e9gale&nbsp;?<\/strong><\/h2>\n\n\n\n<p><br>La consultation simple du Site ne n\u00e9cessite pas d\u2019inscription ni d\u2019identification pr\u00e9alable. Elle peut s\u2019effectuer sans que vous ne communiquiez de donn\u00e9es personnelles vous concernant.<\/p>\n\n\n\n<p>Cependant, lorsque vous d\u00e9cidez de vous abonner aux informations de notre Site, que vous nous contactez directement par le Site, ou que vous r\u00e9pondez \u00e0 des enqu\u00eates, ou que vous nous envoyez des commentaires, nous collectons ces informations dans un cadre strictement n\u00e9cessaire \u00e0 la r\u00e9alisation de notre mission.&nbsp;<\/p>\n\n\n\n<p>Ces donn\u00e9es collect\u00e9es sont utilis\u00e9es pour&nbsp;:<\/p>\n\n\n\n<ul class=\"wp-block-list\">\n<li>Ex\u00e9cuter les missions d\u2019accompagnement que vous nous confiez, g\u00e9rer les contrats, facturer et suivre la relation commerciale avec vous. Le traitement est fond\u00e9 sur l\u2019ex\u00e9cution du contrat&nbsp;;<\/li>\n\n\n\n<li>R\u00e9aliser des op\u00e9rations de prospection commerciale. Ce traitement est fond\u00e9 sur notre int\u00e9r\u00eat l\u00e9gitime&nbsp;;<\/li>\n\n\n\n<li>G\u00e9rer la comptabilit\u00e9 et r\u00e9pondre \u00e0 nos obligations fiscales. Ce traitement est fond\u00e9 sur une obligation l\u00e9gale&nbsp;;<\/li>\n\n\n\n<li>R\u00e9pondre \u00e0 vos demandes d\u2019information et de prise de contact formul\u00e9es sur notre Site. Ce traitement est fond\u00e9 sur votre consentement&nbsp;;<\/li>\n\n\n\n<li>Nous aider \u00e0 la pr\u00e9servation d\u2019un environnement sain et s\u00e9curis\u00e9 sur notre Site. Ce traitement est (i) fond\u00e9 sur notre int\u00e9r\u00eat l\u00e9gitime (assurer la s\u00e9curit\u00e9 du Site), (ii) n\u00e9cessaire au respect de nos obligations l\u00e9gales et\/ou (iii) n\u00e9cessaire \u00e0 la constatation, l\u2019exercice ou la d\u00e9fense d\u2019un droit en justice&nbsp;;<\/li>\n\n\n\n<li>G\u00e9rer notre Site et effectuer des op\u00e9rations techniques internes dans le cadre de r\u00e9solution de probl\u00e8mes, analyse de donn\u00e9es, de tests, recherches, analyses, \u00e9tudes et sondages. Ce traitement est fond\u00e9 sur notre int\u00e9r\u00eat l\u00e9gitime (assurer la s\u00e9curit\u00e9 de notre Site et en am\u00e9liorer ses caract\u00e9ristiques).<\/li>\n<\/ul>\n\n\n\n<p>Lors de la collecte des Donn\u00e9es, vous serez inform\u00e9 si certaines Donn\u00e9es doivent \u00eatre obligatoirement renseign\u00e9es ou si elles sont facultatives. A d\u00e9faut, l\u2019ex\u00e9cution de votre demande pourra \u00eatre restreinte.<\/p>\n\n\n\n<h2 class=\"wp-block-heading\"><br><strong>Qui est le responsable du traitement ?&nbsp;<\/strong><\/h2>\n\n\n\n<p><br>Responsable de ce traitement&nbsp;: <strong>Time2Shine<\/strong><br>T\u00e9l\u00e9phone 06.98.93.07.13 \/ Adresse \u00e9lectronique : contact@time2shine.fr<\/p>\n\n\n\n<h2 class=\"wp-block-heading\">\u200b<br><strong>Qui sont les destinataires des donn\u00e9es que nous collectons et pour quelles raisons leur transmettons-nous ces donn\u00e9es&nbsp;?<\/strong><\/h2>\n\n\n\n<p><strong><br>1. Donn\u00e9es transf\u00e9r\u00e9es aux autorit\u00e9s et\/ou organismes publics<\/strong><\/p>\n\n\n\n<p>Conform\u00e9ment \u00e0 la r\u00e8glementation en vigueur, les Donn\u00e9es peuvent \u00eatre transmises aux autorit\u00e9s comp\u00e9tentes sur requ\u00eate et notamment aux organismes publics, aux auxiliaires de justice, aux officiers minist\u00e9riels, aux organismes charg\u00e9s d\u2019effectuer le recouvrement de cr\u00e9ances, exclusivement pour r\u00e9pondre aux obligations l\u00e9gales, ainsi que dans le cas de la recherche des auteurs d\u2019infractions commises sur internet.<\/p>\n\n\n\n<p><strong>2. Donn\u00e9es transf\u00e9r\u00e9es en interne<\/strong><\/p>\n\n\n\n<p>Les Donn\u00e9es collect\u00e9es et trait\u00e9es sont transmises aux membres de l\u2019\u00e9quipe, assistants, stagiaires, et \u00e0 tout service interne de la Soci\u00e9t\u00e9.<\/p>\n\n\n\n<p><strong>3. Donn\u00e9es transf\u00e9r\u00e9es \u00e0 des tiers<\/strong><\/p>\n\n\n\n<p>Nous pouvons travailler en collaboration avec des entreprises tierces ou consultants, auto-entrepreneurs qui peuvent avoir acc\u00e8s \u00e0 vos Donn\u00e9es, et notamment avec&nbsp;:<\/p>\n\n\n\n<ul class=\"wp-block-list\">\n<li>Les sous-traitants auxquels nous recourons pour la r\u00e9alisation de prestations informatiques (gestion de bases de donn\u00e9es, h\u00e9bergement, stockage, maintenance, etc.), comptables ou de communication ;<\/li>\n\n\n\n<li>Les mandataires, consultants, ou tout tiers intervenant dans le cadre des missions d\u2019accompagnement que nous offrons.<\/li>\n<\/ul>\n\n\n\n<p>Nous transmettons uniquement \u00e0 ces tiers les Donn\u00e9es dont ils ont besoin pour effectuer leurs services, et nous exigeons qu\u2019ils n\u2019utilisent pas vos Donn\u00e9es \u00e0 d\u2019autres fins. Ces tiers agiront uniquement conform\u00e9ment \u00e0 nos instructions et seront contractuellement tenus d\u2019assurer un niveau de s\u00e9curit\u00e9 et de confidentialit\u00e9 de vos Donn\u00e9es identique au n\u00f4tre et de se conformer \u00e0 la r\u00e8glementation applicable sur la protection des donn\u00e9es \u00e0 caract\u00e8re personnel.<\/p>\n\n\n\n<h2 class=\"wp-block-heading\"><br><strong>Dur\u00e9e de conservation des donn\u00e9es<\/strong><\/h2>\n\n\n\n<p><br>Vos Donn\u00e9es ne seront pas conserv\u00e9es au-del\u00e0 de la dur\u00e9e strictement n\u00e9cessaire aux finalit\u00e9s poursuivies telles qu\u2019\u00e9nonc\u00e9es dans la pr\u00e9sente Politique et ce conform\u00e9ment au R\u00e8glement et aux lois applicables.<\/p>\n\n\n\n<p>A cet \u00e9gard, les Donn\u00e9es utilis\u00e9es aux fins d\u2019ex\u00e9cution des missions que vous nous confiez sont conserv\u00e9es pendant toute la dur\u00e9e de la relation contractuelle, puis archiv\u00e9es conform\u00e9ment aux d\u00e9lais de prescription.<\/p>\n\n\n\n<p>Vos Donn\u00e9es sont effac\u00e9es lorsque les dur\u00e9es de conservation expirent.<\/p>\n\n\n\n<p>L\u2019archivage implique que vos Donn\u00e9es ne seront plus consultables en ligne mais seront extraites et conserv\u00e9es sur un support autonome et s\u00e9curis\u00e9.<\/p>\n\n\n\n<p>Les Donn\u00e9es utilis\u00e9es aux fins de prospection et communication peuvent \u00eatre conserv\u00e9es pendant une dur\u00e9e maximale de 3 ans \u00e0 compter de la fin de la relation commerciale ou du dernier contact du prospect concern\u00e9.<\/p>\n\n\n\n<p>Vos Donn\u00e9es sont effac\u00e9es lorsque les dur\u00e9es de conservation expirent. N\u00e9anmoins, vos Donn\u00e9es pourront \u00eatre archiv\u00e9es au-del\u00e0 des dur\u00e9es pr\u00e9vues pour les besoins de la recherche, la constatation et de la poursuite des infractions p\u00e9nales dans le seul but de permettre, en tant que de besoin, la mise \u00e0 disposition de vos Donn\u00e9es \u00e0 l\u2019autorit\u00e9 judiciaire.<\/p>\n\n\n\n<p>L\u2019archivage implique que vos donn\u00e9es ne seront plus consultables en ligne mais seront extraites et conserv\u00e9es sur un support autonome et s\u00e9curis\u00e9.<\/p>\n\n\n\n<h2 class=\"wp-block-heading\"><br><strong>Comment vos donn\u00e9es sont-elles prot\u00e9g\u00e9es&nbsp;?<\/strong><\/h2>\n\n\n\n<p>Toutes les pr\u00e9cautions et les mesures organisationnelles et techniques appropri\u00e9es ont \u00e9t\u00e9 prises pour pr\u00e9server la s\u00e9curit\u00e9, l\u2019int\u00e9grit\u00e9 et la confidentialit\u00e9 de vos donn\u00e9es personnelles.<\/p>\n\n\n\n<p>En cas de recours \u00e0 un prestataire, nous nous assurons que ce dernier respecte ses obligations en mati\u00e8re de s\u00e9curit\u00e9, pr\u00e9alablement \u00e0 la communication de vos donn\u00e9es.<\/p>\n\n\n\n<h2 class=\"wp-block-heading\"><br><strong>O\u00f9 vos donn\u00e9es sont-elles conserv\u00e9es&nbsp;?<\/strong><\/h2>\n\n\n\n<p><br>Vos donn\u00e9es sont conserv\u00e9es et stock\u00e9es pendant toute la dur\u00e9e de leur traitement sur des serveurs au sein des infrastructures d\u2019h\u00e9bergement de notre site web,&nbsp;Hostinger, situ\u00e9 en Chypre et\/ou sur notre Cloud Dropbox situ\u00e9 aux USA.<\/p>\n\n\n\n<p>L\u2019IP peut \u00eatre \u00e9galement collect\u00e9e pour d\u00e9terminer la ville depuis laquelle vous vous connectez.<\/p>\n\n\n\n<h2 class=\"wp-block-heading\"><br><strong>Quels sont vos droits sur vos donn\u00e9es et comment les exercer&nbsp;?<\/strong><\/h2>\n\n\n\n<p>Conform\u00e9ment aux lois et r\u00e8glements applicables en mati\u00e8re de protection des donn\u00e9es personnelles, vous b\u00e9n\u00e9ficiez d\u2019un certain nombre de droits relatifs \u00e0 vos Donn\u00e9es, \u00e0 savoir&nbsp;:<\/p>\n\n\n\n<p>Droit \u00e0 l\u2019information :&nbsp;vous avez le droit d\u2019\u00eatre inform\u00e9 du traitement de vos donn\u00e9es personnelles et si vous souhaitez plus de d\u00e9tails, vous pouvez nous contacter \u00e0 l&#8217;adresse<a href=\"mailto:contact@time2shine.fr\">contact@time2shine.fr<\/a> .<\/p>\n\n\n\n<p><br>Droit d\u2019acc\u00e8s :&nbsp;vous avez le droit d\u2019acc\u00e9der \u00e0 tout moment \u00e0 l\u2019ensemble de vos donn\u00e9es personnelles.<\/p>\n\n\n\n<p>Droit de rectification :&nbsp;vous avez le droit de rectifier \u00e0 tout moment vos donn\u00e9es personnelles inexactes, incompl\u00e8tes ou obsol\u00e8tes.<\/p>\n\n\n\n<p><br>Un droit d\u2019effacement : dans certains cas, vous avez le droit d\u2019obtenir l\u2019effacement de vos Donn\u00e9es. Cependant, ceci n\u2019est pas un droit absolu et nous pouvons, pour des raisons l\u00e9gales ou l\u00e9gitimes, conserver ces Donn\u00e9es.<\/p>\n\n\n\n<p>Droit \u00e0 la limitation :&nbsp;vous avez le droit d\u2019obtenir la limitation du traitement de vos donn\u00e9es \u00e0 caract\u00e8re personnel dans certains cas d\u00e9finis \u00e0 l\u2019art.18 du RGPD.<\/p>\n\n\n\n<p><br>Droit \u00e0 la portabilit\u00e9 :&nbsp;vous avez le droit de recevoir vos donn\u00e9es personnelles dans un format lisible et d\u2019exiger leur transfert au destinataire de votre choix.<\/p>\n\n\n\n<p><br>Droit \u00e0 l\u2019oubli :&nbsp;vous avez le droit d\u2019exiger que vos donn\u00e9es personnelles soient effac\u00e9es, et d\u2019en interdire toute collecte future.<\/p>\n\n\n\n<p><br>Droit d\u2019introduire une r\u00e9clamation :&nbsp;aupr\u00e8s de la CNIL en France, si vous consid\u00e9rez que le traitement de vos donn\u00e9es personnelles constitue une violation des textes applicables.<\/p>\n\n\n\n<p><br>Droit d\u2019opposition :&nbsp;vous avez le droit de vous opposer au traitement de vos donn\u00e9es personnelles.<\/p>\n\n\n\n<p>Notez toutefois que nous pourrons maintenir leur traitement malgr\u00e9 cette opposition, pour des motifs l\u00e9gitimes ou la d\u00e9fense de droits en justice.<\/p>\n\n\n\n<p>Le droit de retirer votre consentement \u00e0 tout moment : vous pouvez retirer votre consentement au traitement de vos Donn\u00e9es lorsque le traitement est bas\u00e9 sur votre consentement. Le retrait du consentement ne compromet pas la lic\u00e9it\u00e9 du traitement fond\u00e9 sur le consentement effectu\u00e9 avant ce retrait.<\/p>\n\n\n\n<p>Le droit de donner des directives concernant le sort de vos donn\u00e9es apr\u00e8s votre d\u00e9c\u00e8s : vous avez le droit de nous donner des directives concernant l\u2019utilisation de vos Donn\u00e9es apr\u00e8s votre d\u00e9c\u00e8s.<\/p>\n\n\n\n<p>Vous pouvez exercer les droits ci-dessus en nous \u00e9crivant \u00e0 l&#8217;adresse<a href=\"mailto:contact@time2shine.fr\">contact@time2shine.fr<\/a> <strong>.<\/strong><\/p>\n\n\n\n<h2 class=\"wp-block-heading\"><br><strong>Modifications et application de la politique de confidentialit\u00e9<\/strong><\/h2>\n\n\n\n<p><br>Nous nous r\u00e9servons le droit, \u00e0 notre seule discr\u00e9tion, de modifier \u00e0 tout moment la pr\u00e9sente charte, en totalit\u00e9 ou en partie. Ces modifications entreront en vigueur \u00e0 compter de la publication de la nouvelle charte. Nous vous en informerons au pr\u00e9alable par tout moyen utile.<\/p>\n\n\n\n<h2 class=\"wp-block-heading\"><strong>Contact<\/strong><\/h2>\n\n\n\n<p>Pour toute question relative \u00e0 la pr\u00e9sente Politique ou pour toute demande relative \u00e0 vos Donn\u00e9es, vous pouvez nous contacter en nous adressant un courrier \u00e9lectronique \u00e0 l&#8217;adresse <a href=\"mailto:contact@time2shine.fr\">contact@time2shine.fr<\/a>.<\/p>\n\n\n\n<p><\/p>\n\n\n\n<p><em>Document mis \u00e0 jour le 03\/09\/2024<\/em><\/p>\n","protected":false},"excerpt":{"rendered":"<p>TIME2SHINE en qualit\u00e9 de responsable du traitement, attache une grande importance \u00e0 la protection et au respect de votre vie priv\u00e9e. La pr\u00e9sente politique vise \u00e0 vous informer, conform\u00e9ment au R\u00e8glement europ\u00e9en n\u00b0 2016-679 du 27 avril 2016 relatif \u00e0 la protection des personnes physiques \u00e0 l\u2019\u00e9gard du traitement des donn\u00e9es \u00e0 caract\u00e8re personnel et [&hellip;]<\/p>\n","protected":false},"author":2,"featured_media":0,"parent":0,"menu_order":0,"comment_status":"closed","ping_status":"closed","template":"","meta":{"_et_pb_use_builder":"off","_et_pb_old_content":"<!-- wp:paragraph -->\n<p><strong>TIME2SHINE <\/strong>en qualit\u00e9 de responsable du traitement, attache une grande importance \u00e0 la protection et au respect de votre vie priv\u00e9e. La pr\u00e9sente politique vise \u00e0 vous informer, conform\u00e9ment au R\u00e8glement europ\u00e9en n\u00b0 2016-679 du 27 avril 2016 relatif \u00e0 la protection des personnes physiques \u00e0 l\u2019\u00e9gard du traitement des donn\u00e9es \u00e0 caract\u00e8re personnel et \u00e0 la libre circulation de ces donn\u00e9es (ci-apr\u00e8s d\u00e9nomm\u00e9 le \u00ab R\u00e8glement \u00bb ou\u00a0\u00ab\u00a0RGPD\u00a0\u00bb), de nos pratiques concernant la collecte, l\u2019utilisation et le partage des informations que vous \u00eates amen\u00e9s \u00e0 nous fournir par le biais de notre site internet (ci-apr\u00e8s le \u00ab\u00a0Site\u00a0\u00bb).<\/p>\n<!-- \/wp:paragraph -->\n\n<!-- wp:paragraph -->\n<p>Cette politique a pour but de vous informer sur les cat\u00e9gories de donn\u00e9es personnelles que nous pourrions collecter ou d\u00e9tenir sur vous, comment nous les utilisons, avec qui nous les partageons, comment nous les prot\u00e9geons, et les droits dont vous disposez sur vos donn\u00e9es personnelles.<\/p>\n<!-- \/wp:paragraph -->\n\n<!-- wp:heading -->\n<h2 class=\"wp-block-heading\"><strong>Qu\u2019est-ce qu\u2019une donn\u00e9e personnelle ?<\/strong><\/h2>\n<!-- \/wp:heading -->\n\n<!-- wp:paragraph -->\n<p>Le terme \u00ab donn\u00e9e personnelle \u00bb d\u00e9signe toutes les donn\u00e9es qui permettent de vous identifier, en tant qu\u2019individu. Lors de votre utilisation du site internet (le \u00ab Site \u00bb), nous pouvons \u00eatre amen\u00e9s \u00e0 vous demander de nous communiquer certaines donn\u00e9es personnelles vous concernant.<\/p>\n<!-- \/wp:paragraph -->\n\n<!-- wp:heading -->\n<h2 class=\"wp-block-heading\"><br><strong>Quelles sont les donn\u00e9es personnelles que nous collectons&nbsp;?<\/strong><\/h2>\n<!-- \/wp:heading -->\n\n<!-- wp:paragraph -->\n<p>En utilisant notre Site et dans le cadre des missions que nous r\u00e9alisons pour votre compte, vous \u00eates amen\u00e9s \u00e0 nous transmettre des informations, dont certaines sont de nature \u00e0 vous identifier et constituent de ce fait des donn\u00e9es \u00e0 caract\u00e8re personnel (ci-apr\u00e8s d\u00e9nomm\u00e9es les \u00ab&nbsp;Donn\u00e9es&nbsp;\u00bb). Ces Donn\u00e9es contiennent notamment des donn\u00e9es&nbsp;(i) d\u2019identification (nom, pr\u00e9nom, adresse, email), (ii) de transaction (RIB pour paiement), (iii) techniques (si n\u00e9cessaire pour le fonctionnement du Site), (iv) des donn\u00e9es li\u00e9es \u00e0 la mission d\u2019accompagnement que nous proposons (lesquelles peuvent inclure des donn\u00e9es particuli\u00e8res) et (v) relatives \u00e0 votre navigation sur notre Site.<\/p>\n<!-- \/wp:paragraph -->\n\n<!-- wp:heading -->\n<h2 class=\"wp-block-heading\"><strong>Comment utilisons-nous les donn\u00e9es que nous collectons et sur quelle base l\u00e9gale\u00a0?<\/strong><\/h2>\n<!-- \/wp:heading -->\n\n<!-- wp:paragraph -->\n<p><br>La consultation simple du Site ne n\u00e9cessite pas d\u2019inscription ni d\u2019identification pr\u00e9alable. Elle peut s\u2019effectuer sans que vous ne communiquiez de donn\u00e9es personnelles vous concernant.<\/p>\n<!-- \/wp:paragraph -->\n\n<!-- wp:paragraph -->\n<p>Cependant, lorsque vous d\u00e9cidez de vous abonner aux informations de notre Site, que vous nous contactez directement par le Site, ou que vous r\u00e9pondez \u00e0 des enqu\u00eates, ou que vous nous envoyez des commentaires, nous collectons ces informations dans un cadre strictement n\u00e9cessaire \u00e0 la r\u00e9alisation de notre mission.&nbsp;<\/p>\n<!-- \/wp:paragraph -->\n\n<!-- wp:paragraph -->\n<p>Ces donn\u00e9es collect\u00e9es sont utilis\u00e9es pour&nbsp;:<\/p>\n<!-- \/wp:paragraph -->\n\n<!-- wp:list -->\n<ul class=\"wp-block-list\"><!-- wp:list-item -->\n<li>Ex\u00e9cuter les missions d\u2019accompagnement que vous nous confiez, g\u00e9rer les contrats, facturer et suivre la relation commerciale avec vous. Le traitement est fond\u00e9 sur l\u2019ex\u00e9cution du contrat\u00a0;<\/li>\n<!-- \/wp:list-item -->\n\n<!-- wp:list-item -->\n<li>R\u00e9aliser des op\u00e9rations de prospection commerciale. Ce traitement est fond\u00e9 sur notre int\u00e9r\u00eat l\u00e9gitime\u00a0;<\/li>\n<!-- \/wp:list-item -->\n\n<!-- wp:list-item -->\n<li>G\u00e9rer la comptabilit\u00e9 et r\u00e9pondre \u00e0 nos obligations fiscales. Ce traitement est fond\u00e9 sur une obligation l\u00e9gale\u00a0;<\/li>\n<!-- \/wp:list-item -->\n\n<!-- wp:list-item -->\n<li>R\u00e9pondre \u00e0 vos demandes d\u2019information et de prise de contact formul\u00e9es sur notre Site. Ce traitement est fond\u00e9 sur votre consentement\u00a0;<\/li>\n<!-- \/wp:list-item -->\n\n<!-- wp:list-item -->\n<li>Nous aider \u00e0 la pr\u00e9servation d\u2019un environnement sain et s\u00e9curis\u00e9 sur notre Site. Ce traitement est (i) fond\u00e9 sur notre int\u00e9r\u00eat l\u00e9gitime (assurer la s\u00e9curit\u00e9 du Site), (ii) n\u00e9cessaire au respect de nos obligations l\u00e9gales et\/ou (iii) n\u00e9cessaire \u00e0 la constatation, l\u2019exercice ou la d\u00e9fense d\u2019un droit en justice\u00a0;<\/li>\n<!-- \/wp:list-item -->\n\n<!-- wp:list-item -->\n<li>G\u00e9rer notre Site et effectuer des op\u00e9rations techniques internes dans le cadre de r\u00e9solution de probl\u00e8mes, analyse de donn\u00e9es, de tests, recherches, analyses, \u00e9tudes et sondages. Ce traitement est fond\u00e9 sur notre int\u00e9r\u00eat l\u00e9gitime (assurer la s\u00e9curit\u00e9 de notre Site et en am\u00e9liorer ses caract\u00e9ristiques).<\/li>\n<!-- \/wp:list-item --><\/ul>\n<!-- \/wp:list -->\n\n<!-- wp:paragraph -->\n<p>Lors de la collecte des Donn\u00e9es, vous serez inform\u00e9 si certaines Donn\u00e9es doivent \u00eatre obligatoirement renseign\u00e9es ou si elles sont facultatives. A d\u00e9faut, l\u2019ex\u00e9cution de votre demande pourra \u00eatre restreinte.<\/p>\n<!-- \/wp:paragraph -->\n\n<!-- wp:heading -->\n<h2 class=\"wp-block-heading\"><br><strong>Qui est le responsable du traitement ?&nbsp;<\/strong><\/h2>\n<!-- \/wp:heading -->\n\n<!-- wp:paragraph -->\n<p><br>Responsable de ce traitement\u00a0: <strong>Time2Shine<\/strong><br>T\u00e9l\u00e9phone 06.98.93.07.13 \/ Adresse \u00e9lectronique : contact@time2shine.fr<\/p>\n<!-- \/wp:paragraph -->\n\n<!-- wp:heading -->\n<h2 class=\"wp-block-heading\">\u200b<br><strong>Qui sont les destinataires des donn\u00e9es que nous collectons et pour quelles raisons leur transmettons-nous ces donn\u00e9es\u00a0?<\/strong><\/h2>\n<!-- \/wp:heading -->\n\n<!-- wp:paragraph -->\n<p><strong><br>1. Donn\u00e9es transf\u00e9r\u00e9es aux autorit\u00e9s et\/ou organismes publics<\/strong><\/p>\n<!-- \/wp:paragraph -->\n\n<!-- wp:paragraph -->\n<p>Conform\u00e9ment \u00e0 la r\u00e8glementation en vigueur, les Donn\u00e9es peuvent \u00eatre transmises aux autorit\u00e9s comp\u00e9tentes sur requ\u00eate et notamment aux organismes publics, aux auxiliaires de justice, aux officiers minist\u00e9riels, aux organismes charg\u00e9s d\u2019effectuer le recouvrement de cr\u00e9ances, exclusivement pour r\u00e9pondre aux obligations l\u00e9gales, ainsi que dans le cas de la recherche des auteurs d\u2019infractions commises sur internet.<\/p>\n<!-- \/wp:paragraph -->\n\n<!-- wp:paragraph -->\n<p><strong>2. Donn\u00e9es transf\u00e9r\u00e9es en interne<\/strong><\/p>\n<!-- \/wp:paragraph -->\n\n<!-- wp:paragraph -->\n<p>Les Donn\u00e9es collect\u00e9es et trait\u00e9es sont transmises aux membres de l\u2019\u00e9quipe, assistants, stagiaires, et \u00e0 tout service interne de la Soci\u00e9t\u00e9.<\/p>\n<!-- \/wp:paragraph -->\n\n<!-- wp:paragraph -->\n<p><strong>3. Donn\u00e9es transf\u00e9r\u00e9es \u00e0 des tiers<\/strong><\/p>\n<!-- \/wp:paragraph -->\n\n<!-- wp:paragraph -->\n<p>Nous pouvons travailler en collaboration avec des entreprises tierces ou consultants, auto-entrepreneurs qui peuvent avoir acc\u00e8s \u00e0 vos Donn\u00e9es, et notamment avec&nbsp;:<\/p>\n<!-- \/wp:paragraph -->\n\n<!-- wp:list -->\n<ul class=\"wp-block-list\"><!-- wp:list-item -->\n<li>Les sous-traitants auxquels nous recourons pour la r\u00e9alisation de prestations informatiques (gestion de bases de donn\u00e9es, h\u00e9bergement, stockage, maintenance, etc.), comptables ou de communication ;<\/li>\n<!-- \/wp:list-item -->\n\n<!-- wp:list-item -->\n<li>Les mandataires, consultants, ou tout tiers intervenant dans le cadre des missions d\u2019accompagnement que nous offrons.<\/li>\n<!-- \/wp:list-item --><\/ul>\n<!-- \/wp:list -->\n\n<!-- wp:paragraph -->\n<p>Nous transmettons uniquement \u00e0 ces tiers les Donn\u00e9es dont ils ont besoin pour effectuer leurs services, et nous exigeons qu\u2019ils n\u2019utilisent pas vos Donn\u00e9es \u00e0 d\u2019autres fins. Ces tiers agiront uniquement conform\u00e9ment \u00e0 nos instructions et seront contractuellement tenus d\u2019assurer un niveau de s\u00e9curit\u00e9 et de confidentialit\u00e9 de vos Donn\u00e9es identique au n\u00f4tre et de se conformer \u00e0 la r\u00e8glementation applicable sur la protection des donn\u00e9es \u00e0 caract\u00e8re personnel.<\/p>\n<!-- \/wp:paragraph -->\n\n<!-- wp:heading -->\n<h2 class=\"wp-block-heading\"><br><strong>Dur\u00e9e de conservation des donn\u00e9es<\/strong><\/h2>\n<!-- \/wp:heading -->\n\n<!-- wp:paragraph -->\n<p><br>Vos Donn\u00e9es ne seront pas conserv\u00e9es au-del\u00e0 de la dur\u00e9e strictement n\u00e9cessaire aux finalit\u00e9s poursuivies telles qu\u2019\u00e9nonc\u00e9es dans la pr\u00e9sente Politique et ce conform\u00e9ment au R\u00e8glement et aux lois applicables.<\/p>\n<!-- \/wp:paragraph -->\n\n<!-- wp:paragraph -->\n<p>A cet \u00e9gard, les Donn\u00e9es utilis\u00e9es aux fins d\u2019ex\u00e9cution des missions que vous nous confiez sont conserv\u00e9es pendant toute la dur\u00e9e de la relation contractuelle, puis archiv\u00e9es conform\u00e9ment aux d\u00e9lais de prescription.<\/p>\n<!-- \/wp:paragraph -->\n\n<!-- wp:paragraph -->\n<p>Vos Donn\u00e9es sont effac\u00e9es lorsque les dur\u00e9es de conservation expirent.<\/p>\n<!-- \/wp:paragraph -->\n\n<!-- wp:paragraph -->\n<p>L\u2019archivage implique que vos Donn\u00e9es ne seront plus consultables en ligne mais seront extraites et conserv\u00e9es sur un support autonome et s\u00e9curis\u00e9.<\/p>\n<!-- \/wp:paragraph -->\n\n<!-- wp:paragraph -->\n<p>Les Donn\u00e9es utilis\u00e9es aux fins de prospection et communication peuvent \u00eatre conserv\u00e9es pendant une dur\u00e9e maximale de 3 ans \u00e0 compter de la fin de la relation commerciale ou du dernier contact du prospect concern\u00e9.<\/p>\n<!-- \/wp:paragraph -->\n\n<!-- wp:paragraph -->\n<p>Vos Donn\u00e9es sont effac\u00e9es lorsque les dur\u00e9es de conservation expirent. N\u00e9anmoins, vos Donn\u00e9es pourront \u00eatre archiv\u00e9es au-del\u00e0 des dur\u00e9es pr\u00e9vues pour les besoins de la recherche, la constatation et de la poursuite des infractions p\u00e9nales dans le seul but de permettre, en tant que de besoin, la mise \u00e0 disposition de vos Donn\u00e9es \u00e0 l\u2019autorit\u00e9 judiciaire.<\/p>\n<!-- \/wp:paragraph -->\n\n<!-- wp:paragraph -->\n<p>L\u2019archivage implique que vos donn\u00e9es ne seront plus consultables en ligne mais seront extraites et conserv\u00e9es sur un support autonome et s\u00e9curis\u00e9.<\/p>\n<!-- \/wp:paragraph -->\n\n<!-- wp:heading -->\n<h2 class=\"wp-block-heading\"><br><strong>Comment vos donn\u00e9es sont-elles prot\u00e9g\u00e9es\u00a0?<\/strong><\/h2>\n<!-- \/wp:heading -->\n\n<!-- wp:paragraph -->\n<p>Toutes les pr\u00e9cautions et les mesures organisationnelles et techniques appropri\u00e9es ont \u00e9t\u00e9 prises pour pr\u00e9server la s\u00e9curit\u00e9, l\u2019int\u00e9grit\u00e9 et la confidentialit\u00e9 de vos donn\u00e9es personnelles.<\/p>\n<!-- \/wp:paragraph -->\n\n<!-- wp:paragraph -->\n<p>En cas de recours \u00e0 un prestataire, nous nous assurons que ce dernier respecte ses obligations en mati\u00e8re de s\u00e9curit\u00e9, pr\u00e9alablement \u00e0 la communication de vos donn\u00e9es.<\/p>\n<!-- \/wp:paragraph -->\n\n<!-- wp:heading -->\n<h2 class=\"wp-block-heading\"><br><strong>O\u00f9 vos donn\u00e9es sont-elles conserv\u00e9es&nbsp;?<\/strong><\/h2>\n<!-- \/wp:heading -->\n\n<!-- wp:paragraph -->\n<p><br>Vos donn\u00e9es sont conserv\u00e9es et stock\u00e9es pendant toute la dur\u00e9e de leur traitement sur des serveurs au sein des infrastructures d\u2019h\u00e9bergement de notre site web,&nbsp;Hostinger, situ\u00e9 en Chypre et\/ou sur notre Cloud Dropbox situ\u00e9 aux USA.<\/p>\n<!-- \/wp:paragraph -->\n\n<!-- wp:paragraph -->\n<p>L\u2019IP peut \u00eatre \u00e9galement collect\u00e9e pour d\u00e9terminer la ville depuis laquelle vous vous connectez.<\/p>\n<!-- \/wp:paragraph -->\n\n<!-- wp:heading -->\n<h2 class=\"wp-block-heading\"><br><strong>Quels sont vos droits sur vos donn\u00e9es et comment les exercer&nbsp;?<\/strong><\/h2>\n<!-- \/wp:heading -->\n\n<!-- wp:paragraph -->\n<p>Conform\u00e9ment aux lois et r\u00e8glements applicables en mati\u00e8re de protection des donn\u00e9es personnelles, vous b\u00e9n\u00e9ficiez d\u2019un certain nombre de droits relatifs \u00e0 vos Donn\u00e9es, \u00e0 savoir&nbsp;:<\/p>\n<!-- \/wp:paragraph -->\n\n<!-- wp:paragraph -->\n<p>Droit \u00e0 l\u2019information :&nbsp;vous avez le droit d\u2019\u00eatre inform\u00e9 du traitement de vos donn\u00e9es personnelles et si vous souhaitez plus de d\u00e9tails, vous pouvez nous contacter \u00e0 l'adresse<a href=\"mailto:contact@time2shine.fr\">contact@time2shine.fr<\/a> .<\/p>\n<!-- \/wp:paragraph -->\n\n<!-- wp:paragraph -->\n<p><br>Droit d\u2019acc\u00e8s :&nbsp;vous avez le droit d\u2019acc\u00e9der \u00e0 tout moment \u00e0 l\u2019ensemble de vos donn\u00e9es personnelles.<\/p>\n<!-- \/wp:paragraph -->\n\n<!-- wp:paragraph -->\n<p>Droit de rectification :&nbsp;vous avez le droit de rectifier \u00e0 tout moment vos donn\u00e9es personnelles inexactes, incompl\u00e8tes ou obsol\u00e8tes.<\/p>\n<!-- \/wp:paragraph -->\n\n<!-- wp:paragraph -->\n<p><br>Un droit d\u2019effacement : dans certains cas, vous avez le droit d\u2019obtenir l\u2019effacement de vos Donn\u00e9es. Cependant, ceci n\u2019est pas un droit absolu et nous pouvons, pour des raisons l\u00e9gales ou l\u00e9gitimes, conserver ces Donn\u00e9es.<\/p>\n<!-- \/wp:paragraph -->\n\n<!-- wp:paragraph -->\n<p>Droit \u00e0 la limitation :&nbsp;vous avez le droit d\u2019obtenir la limitation du traitement de vos donn\u00e9es \u00e0 caract\u00e8re personnel dans certains cas d\u00e9finis \u00e0 l\u2019art.18 du RGPD.<\/p>\n<!-- \/wp:paragraph -->\n\n<!-- wp:paragraph -->\n<p><br>Droit \u00e0 la portabilit\u00e9 :&nbsp;vous avez le droit de recevoir vos donn\u00e9es personnelles dans un format lisible et d\u2019exiger leur transfert au destinataire de votre choix.<\/p>\n<!-- \/wp:paragraph -->\n\n<!-- wp:paragraph -->\n<p><br>Droit \u00e0 l\u2019oubli :&nbsp;vous avez le droit d\u2019exiger que vos donn\u00e9es personnelles soient effac\u00e9es, et d\u2019en interdire toute collecte future.<\/p>\n<!-- \/wp:paragraph -->\n\n<!-- wp:paragraph -->\n<p><br>Droit d\u2019introduire une r\u00e9clamation :&nbsp;aupr\u00e8s de la CNIL en France, si vous consid\u00e9rez que le traitement de vos donn\u00e9es personnelles constitue une violation des textes applicables.<\/p>\n<!-- \/wp:paragraph -->\n\n<!-- wp:paragraph -->\n<p><br>Droit d\u2019opposition :&nbsp;vous avez le droit de vous opposer au traitement de vos donn\u00e9es personnelles.<\/p>\n<!-- \/wp:paragraph -->\n\n<!-- wp:paragraph -->\n<p>Notez toutefois que nous pourrons maintenir leur traitement malgr\u00e9 cette opposition, pour des motifs l\u00e9gitimes ou la d\u00e9fense de droits en justice.<\/p>\n<!-- \/wp:paragraph -->\n\n<!-- wp:paragraph -->\n<p>Le droit de retirer votre consentement \u00e0 tout moment : vous pouvez retirer votre consentement au traitement de vos Donn\u00e9es lorsque le traitement est bas\u00e9 sur votre consentement. Le retrait du consentement ne compromet pas la lic\u00e9it\u00e9 du traitement fond\u00e9 sur le consentement effectu\u00e9 avant ce retrait.<\/p>\n<!-- \/wp:paragraph -->\n\n<!-- wp:paragraph -->\n<p>Le droit de donner des directives concernant le sort de vos donn\u00e9es apr\u00e8s votre d\u00e9c\u00e8s : vous avez le droit de nous donner des directives concernant l\u2019utilisation de vos Donn\u00e9es apr\u00e8s votre d\u00e9c\u00e8s.<\/p>\n<!-- \/wp:paragraph -->\n\n<!-- wp:paragraph -->\n<p>Vous pouvez exercer les droits ci-dessus en nous \u00e9crivant \u00e0 l'adresse<a href=\"mailto:contact@time2shine.fr\">contact@time2shine.fr<\/a> <strong>.<\/strong><\/p>\n<!-- \/wp:paragraph -->\n\n<!-- wp:heading -->\n<h2 class=\"wp-block-heading\"><br><strong>Modifications et application de la politique de confidentialit\u00e9<\/strong><\/h2>\n<!-- \/wp:heading -->\n\n<!-- wp:paragraph -->\n<p><br>Nous nous r\u00e9servons le droit, \u00e0 notre seule discr\u00e9tion, de modifier \u00e0 tout moment la pr\u00e9sente charte, en totalit\u00e9 ou en partie. Ces modifications entreront en vigueur \u00e0 compter de la publication de la nouvelle charte. Nous vous en informerons au pr\u00e9alable par tout moyen utile.<\/p>\n<!-- \/wp:paragraph -->\n\n<!-- wp:heading -->\n<h2 class=\"wp-block-heading\"><strong>Contact<\/strong><\/h2>\n<!-- \/wp:heading -->\n\n<!-- wp:paragraph -->\n<p>Pour toute question relative \u00e0 la pr\u00e9sente Politique ou pour toute demande relative \u00e0 vos Donn\u00e9es, vous pouvez nous contacter en nous adressant un courrier \u00e9lectronique \u00e0 l'adresse <a href=\"mailto:contact@time2shine.fr\">contact@time2shine.fr<\/a>.<\/p>\n<!-- \/wp:paragraph -->\n\n<!-- wp:paragraph -->\n<p><\/p>\n<!-- \/wp:paragraph -->\n\n<!-- wp:paragraph -->\n<p><em>Document mis \u00e0 jour le 03\/09\/2024<\/em><\/p>\n<!-- \/wp:paragraph -->","_et_gb_content_width":"1152","footnotes":""},"class_list":["post-510","page","type-page","status-publish","hentry"],"_links":{"self":[{"href":"https:\/\/time2shine.fr\/en\/wp-json\/wp\/v2\/pages\/510","targetHints":{"allow":["GET"]}}],"collection":[{"href":"https:\/\/time2shine.fr\/en\/wp-json\/wp\/v2\/pages"}],"about":[{"href":"https:\/\/time2shine.fr\/en\/wp-json\/wp\/v2\/types\/page"}],"author":[{"embeddable":true,"href":"https:\/\/time2shine.fr\/en\/wp-json\/wp\/v2\/users\/2"}],"replies":[{"embeddable":true,"href":"https:\/\/time2shine.fr\/en\/wp-json\/wp\/v2\/comments?post=510"}],"version-history":[{"count":6,"href":"https:\/\/time2shine.fr\/en\/wp-json\/wp\/v2\/pages\/510\/revisions"}],"predecessor-version":[{"id":1556,"href":"https:\/\/time2shine.fr\/en\/wp-json\/wp\/v2\/pages\/510\/revisions\/1556"}],"wp:attachment":[{"href":"https:\/\/time2shine.fr\/en\/wp-json\/wp\/v2\/media?parent=510"}],"curies":[{"name":"wp","href":"https:\/\/api.w.org\/{rel}","templated":true}]}}